{"id":4358,"date":"2024-09-30T16:54:44","date_gmt":"2024-09-30T16:54:44","guid":{"rendered":"https:\/\/meraynuts.com\/product\/badem\/"},"modified":"2024-10-01T08:19:32","modified_gmt":"2024-10-01T08:19:32","slug":"mandelkerne","status":"publish","type":"product","link":"https:\/\/meraynuts.com\/de\/produkt\/mandelkerne\/","title":{"rendered":"Mandelkerne"},"content":{"rendered":"<p><em><strong>N\u00e4hrwerte\u00a0<\/strong><strong>\/ ger\u00f6stet und gesalzen\u00a0<\/strong>(pro 100 g)<\/em><\/p>\n<p>&nbsp;<\/p>\n<table width=\"100%\">\n<colgroup>\n<col width=\"50%\" \/>\n<col width=\"50%\" \/><\/colgroup>\n<tbody>\n<tr>\n<td>Energie<\/td>\n<td>2607 kJ \/ 631 kcal<\/td>\n<\/tr>\n<tr>\n<td>Fett<\/td>\n<td>55,1 g<\/td>\n<\/tr>\n<tr>\n<td>davon ges\u00e4ttigte Fetts\u00e4uren<\/td>\n<td>4,7 g<\/td>\n<\/tr>\n<tr>\n<td>Kohlenhydrate<\/td>\n<td>5,5 g<\/td>\n<\/tr>\n<tr>\n<td>davon Zucker<\/td>\n<td>4,5 g<\/td>\n<\/tr>\n<tr>\n<td>Eiwei\u00df<\/td>\n<td>22,6 g<\/td>\n<\/tr>\n<tr>\n<td>Salz<\/td>\n<td>1,1 g<\/td>\n<\/tr>\n<\/tbody>\n<\/table>\n<h6><\/h6>\n<p><em><strong>N\u00e4hrwerte \/ roh\u00a0<\/strong>(pro 100 g)<\/em><\/p>\n<table width=\"100%\">\n<colgroup>\n<col width=\"50%\" \/>\n<col width=\"50%\" \/><\/colgroup>\n<tbody>\n<tr>\n<td>Energie<\/td>\n<td>2699 kJ \/ 654 kcal<\/td>\n<\/tr>\n<tr>\n<td>Fett<\/td>\n<td>57,5 g<\/td>\n<\/tr>\n<tr>\n<td>davon ges\u00e4ttigte Fetts\u00e4uren<\/td>\n<td>5,0 g<\/td>\n<\/tr>\n<tr>\n<td>Kohlenhydrate<\/td>\n<td>6,0 g<\/td>\n<\/tr>\n<tr>\n<td>davon Zucker<\/td>\n<td>6,0 g<\/td>\n<\/tr>\n<tr>\n<td>Eiwei\u00df<\/td>\n<td>21,6 g<\/td>\n<\/tr>\n<tr>\n<td>Salz<\/td>\n<td>0,005 g<\/td>\n<\/tr>\n<\/tbody>\n<\/table>\n","protected":false},"excerpt":{"rendered":"<div style=\"text-align: center;\"><img decoding=\"async\" style=\"max-width: 100%; height: auto;\" src=\"https:\/\/meraynuts.com\/wp-content\/uploads\/2024\/09\/mandelkerne.png\" alt=\"Meray Mandeln Image\" \/><\/div>\n<table style=\"width: 100%; border-collapse: collapse; font-family: Arial, sans-serif;\">\n<tbody>\n<tr>\n<th style=\"text-align: left; padding: 10px; border: 1px solid #ddd; background-color: #f8f8f8; color: #d32f2f;\">\u00dcber das Produkt:<\/th>\n<td style=\"padding: 10px; border: 1px solid #ddd;\">K\u00f6stlicher Knabberspa\u00df! Im Hause Meray knackig ger\u00f6stet, fein gesalzen und r\u00f6stfrisch verpackt. Besonders schonend werden die Mandeln ger\u00f6stet, so entfaltet sich ihr volles Aroma und sie werden herrlich knackig.<\/td>\n<\/tr>\n<tr>\n<th style=\"text-align: left; padding: 10px; border: 1px solid #ddd; background-color: #f8f8f8; color: #d32f2f;\">Merkmale:<\/th>\n<td style=\"padding: 10px; border: 1px solid #ddd;\">nussig, knackig<\/td>\n<\/tr>\n<tr>\n<th style=\"text-align: left; padding: 10px; border: 1px solid #ddd; background-color: #f8f8f8; color: #d32f2f;\">Ernte:<\/th>\n<td style=\"padding: 10px; border: 1px solid #ddd;\">Nachdem die Mandeln im Juni anfangen zu reifen, freuten sich Bauern urspr\u00fcnglich auf die herbstliche Ernte. Mit Beginn des Herbstmonats September wurden die Mandel Fr\u00fcchte von den B\u00e4umen gesch\u00fcttelt.<\/td>\n<\/tr>\n<tr>\n<th style=\"text-align: left; padding: 10px; border: 1px solid #ddd; background-color: #f8f8f8; color: #d32f2f;\">Verarbeitung:<\/th>\n<td style=\"padding: 10px; border: 1px solid #ddd;\">R\u00f6sten, Salzen, Veredeln und Verpacken<\/td>\n<\/tr>\n<tr>\n<th style=\"text-align: left; padding: 10px; border: 1px solid #ddd; background-color: #f8f8f8; color: #d32f2f;\">Anbau:<\/th>\n<td style=\"padding: 10px; border: 1px solid #ddd;\">Der Mandelbaum ist ein kleiner Baum oder Strauch, der bis zu 5 m hoch werden kann, bei dessen Frucht man zwischen s\u00fc\u00df und bitter unterscheidet. Die Frucht des Mandelbaums wird im gesamten Mittelmeergebiet und in den USA angebaut.<\/td>\n<\/tr>\n<tr>\n<th style=\"text-align: left; padding: 10px; border: 1px solid #ddd; background-color: #f8f8f8; color: #d32f2f;\">Verpackungsgr\u00f6\u00dfen:<\/th>\n<td style=\"padding: 10px; border: 1px solid #ddd;\">85 g \/ 150 g \/ 300 g \u2014 Roh: 225 g<\/td>\n<\/tr>\n<\/tbody>\n<\/table>\n","protected":false},"featured_media":3854,"template":"","meta":[],"product_cat":[62,61],"product_tag":[],"class_list":{"0":"post-4358","1":"product","2":"type-product","3":"status-publish","4":"has-post-thumbnail","6":"product_cat-alle-produkte","7":"product_cat-nusse","9":"first","10":"instock","11":"shipping-taxable","12":"product-type-simple"},"yoast_head":"<!-- This site is optimized with the Yoast SEO plugin v25.4 - https:\/\/yoast.com\/wordpress\/plugins\/seo\/ -->\n<title>Mandelkerne - Meray Nuts<\/title>\n<meta name=\"robots\" content=\"index, follow, max-snippet:-1, max-image-preview:large, max-video-preview:-1\" \/>\n<link rel=\"canonical\" href=\"https:\/\/meraynuts.com\/produkt\/badem\/\" \/>\n<meta property=\"og:locale\" content=\"de_DE\" \/>\n<meta property=\"og:type\" content=\"article\" \/>\n<meta property=\"og:title\" content=\"Mandelkerne - Meray Nuts\" \/>\n<meta property=\"og:description\" content=\"\u00dcber das Produkt: K\u00f6stlicher Knabberspa\u00df! Im Hause Meray knackig ger\u00f6stet, fein gesalzen und r\u00f6stfrisch verpackt. Besonders schonend werden die Mandeln ger\u00f6stet, so entfaltet sich ihr volles Aroma und sie werden herrlich knackig.   Merkmale: nussig, knackig   Ernte: Nachdem die Mandeln im Juni anfangen zu reifen, freuten sich Bauern urspr\u00fcnglich auf die herbstliche Ernte. Mit Beginn des Herbstmonats September wurden die Mandel Fr\u00fcchte von den B\u00e4umen gesch\u00fcttelt.   Verarbeitung: R\u00f6sten, Salzen, Veredeln und Verpacken   Anbau: Der Mandelbaum ist ein kleiner Baum oder Strauch, der bis zu 5 m hoch werden kann, bei dessen Frucht man zwischen s\u00fc\u00df und bitter unterscheidet. Die Frucht des Mandelbaums wird im gesamten Mittelmeergebiet und in den USA angebaut.   Verpackungsgr\u00f6\u00dfen: 85 g \/ 150 g \/ 300 g \u2014 Roh: 225 g\" \/>\n<meta property=\"og:url\" content=\"https:\/\/meraynuts.com\/produkt\/badem\/\" \/>\n<meta property=\"og:site_name\" content=\"Meray Nuts\" \/>\n<meta property=\"article:modified_time\" content=\"2024-10-01T08:19:32+00:00\" \/>\n<meta property=\"og:image\" content=\"https:\/\/meraynuts.com\/wp-content\/uploads\/2024\/09\/2020-mandelkerne.png\" \/>\n\t<meta property=\"og:image:width\" content=\"800\" \/>\n\t<meta property=\"og:image:height\" content=\"1100\" \/>\n\t<meta property=\"og:image:type\" content=\"image\/png\" \/>\n<meta name=\"twitter:card\" content=\"summary_large_image\" \/>\n<script type=\"application\/ld+json\" class=\"yoast-schema-graph\">{\"@context\":\"https:\/\/schema.org\",\"@graph\":[{\"@type\":\"WebPage\",\"@id\":\"https:\/\/meraynuts.com\/produkt\/badem\/\",\"url\":\"https:\/\/meraynuts.com\/produkt\/badem\/\",\"name\":\"Mandelkerne - Meray Nuts\",\"isPartOf\":{\"@id\":\"https:\/\/meraynuts.com\/de\/#website\"},\"primaryImageOfPage\":{\"@id\":\"https:\/\/meraynuts.com\/produkt\/badem\/#primaryimage\"},\"image\":{\"@id\":\"https:\/\/meraynuts.com\/produkt\/badem\/#primaryimage\"},\"thumbnailUrl\":\"https:\/\/meraynuts.com\/wp-content\/uploads\/2024\/09\/2020-mandelkerne.png\",\"datePublished\":\"2024-09-30T16:54:44+00:00\",\"dateModified\":\"2024-10-01T08:19:32+00:00\",\"breadcrumb\":{\"@id\":\"https:\/\/meraynuts.com\/produkt\/badem\/#breadcrumb\"},\"inLanguage\":\"de\",\"potentialAction\":[{\"@type\":\"ReadAction\",\"target\":[\"https:\/\/meraynuts.com\/produkt\/badem\/\"]}]},{\"@type\":\"ImageObject\",\"inLanguage\":\"de\",\"@id\":\"https:\/\/meraynuts.com\/produkt\/badem\/#primaryimage\",\"url\":\"https:\/\/meraynuts.com\/wp-content\/uploads\/2024\/09\/2020-mandelkerne.png\",\"contentUrl\":\"https:\/\/meraynuts.com\/wp-content\/uploads\/2024\/09\/2020-mandelkerne.png\",\"width\":800,\"height\":1100},{\"@type\":\"BreadcrumbList\",\"@id\":\"https:\/\/meraynuts.com\/produkt\/badem\/#breadcrumb\",\"itemListElement\":[{\"@type\":\"ListItem\",\"position\":1,\"name\":\"Anasayfa\",\"item\":\"https:\/\/meraynuts.com\/\"},{\"@type\":\"ListItem\",\"position\":2,\"name\":\"Shop\",\"item\":\"https:\/\/meraynuts.com\/de\/shop\/\"},{\"@type\":\"ListItem\",\"position\":3,\"name\":\"Mandelkerne\"}]},{\"@type\":\"WebSite\",\"@id\":\"https:\/\/meraynuts.com\/de\/#website\",\"url\":\"https:\/\/meraynuts.com\/de\/\",\"name\":\"Meray Nuts\",\"description\":\"\",\"potentialAction\":[{\"@type\":\"SearchAction\",\"target\":{\"@type\":\"EntryPoint\",\"urlTemplate\":\"https:\/\/meraynuts.com\/de\/?s={search_term_string}\"},\"query-input\":{\"@type\":\"PropertyValueSpecification\",\"valueRequired\":true,\"valueName\":\"search_term_string\"}}],\"inLanguage\":\"de\"}]}<\/script>\n<!-- \/ Yoast SEO plugin. -->","yoast_head_json":{"title":"Mandelkerne - Meray Nuts","robots":{"index":"index","follow":"follow","max-snippet":"max-snippet:-1","max-image-preview":"max-image-preview:large","max-video-preview":"max-video-preview:-1"},"canonical":"https:\/\/meraynuts.com\/produkt\/badem\/","og_locale":"de_DE","og_type":"article","og_title":"Mandelkerne - Meray Nuts","og_description":"\u00dcber das Produkt: K\u00f6stlicher Knabberspa\u00df! Im Hause Meray knackig ger\u00f6stet, fein gesalzen und r\u00f6stfrisch verpackt. Besonders schonend werden die Mandeln ger\u00f6stet, so entfaltet sich ihr volles Aroma und sie werden herrlich knackig.   Merkmale: nussig, knackig   Ernte: Nachdem die Mandeln im Juni anfangen zu reifen, freuten sich Bauern urspr\u00fcnglich auf die herbstliche Ernte. Mit Beginn des Herbstmonats September wurden die Mandel Fr\u00fcchte von den B\u00e4umen gesch\u00fcttelt.   Verarbeitung: R\u00f6sten, Salzen, Veredeln und Verpacken   Anbau: Der Mandelbaum ist ein kleiner Baum oder Strauch, der bis zu 5 m hoch werden kann, bei dessen Frucht man zwischen s\u00fc\u00df und bitter unterscheidet. Die Frucht des Mandelbaums wird im gesamten Mittelmeergebiet und in den USA angebaut.   Verpackungsgr\u00f6\u00dfen: 85 g \/ 150 g \/ 300 g \u2014 Roh: 225 g","og_url":"https:\/\/meraynuts.com\/produkt\/badem\/","og_site_name":"Meray Nuts","article_modified_time":"2024-10-01T08:19:32+00:00","og_image":[{"width":800,"height":1100,"url":"https:\/\/meraynuts.com\/wp-content\/uploads\/2024\/09\/2020-mandelkerne.png","type":"image\/png"}],"twitter_card":"summary_large_image","schema":{"@context":"https:\/\/schema.org","@graph":[{"@type":"WebPage","@id":"https:\/\/meraynuts.com\/produkt\/badem\/","url":"https:\/\/meraynuts.com\/produkt\/badem\/","name":"Mandelkerne - Meray Nuts","isPartOf":{"@id":"https:\/\/meraynuts.com\/de\/#website"},"primaryImageOfPage":{"@id":"https:\/\/meraynuts.com\/produkt\/badem\/#primaryimage"},"image":{"@id":"https:\/\/meraynuts.com\/produkt\/badem\/#primaryimage"},"thumbnailUrl":"https:\/\/meraynuts.com\/wp-content\/uploads\/2024\/09\/2020-mandelkerne.png","datePublished":"2024-09-30T16:54:44+00:00","dateModified":"2024-10-01T08:19:32+00:00","breadcrumb":{"@id":"https:\/\/meraynuts.com\/produkt\/badem\/#breadcrumb"},"inLanguage":"de","potentialAction":[{"@type":"ReadAction","target":["https:\/\/meraynuts.com\/produkt\/badem\/"]}]},{"@type":"ImageObject","inLanguage":"de","@id":"https:\/\/meraynuts.com\/produkt\/badem\/#primaryimage","url":"https:\/\/meraynuts.com\/wp-content\/uploads\/2024\/09\/2020-mandelkerne.png","contentUrl":"https:\/\/meraynuts.com\/wp-content\/uploads\/2024\/09\/2020-mandelkerne.png","width":800,"height":1100},{"@type":"BreadcrumbList","@id":"https:\/\/meraynuts.com\/produkt\/badem\/#breadcrumb","itemListElement":[{"@type":"ListItem","position":1,"name":"Anasayfa","item":"https:\/\/meraynuts.com\/"},{"@type":"ListItem","position":2,"name":"Shop","item":"https:\/\/meraynuts.com\/de\/shop\/"},{"@type":"ListItem","position":3,"name":"Mandelkerne"}]},{"@type":"WebSite","@id":"https:\/\/meraynuts.com\/de\/#website","url":"https:\/\/meraynuts.com\/de\/","name":"Meray Nuts","description":"","potentialAction":[{"@type":"SearchAction","target":{"@type":"EntryPoint","urlTemplate":"https:\/\/meraynuts.com\/de\/?s={search_term_string}"},"query-input":{"@type":"PropertyValueSpecification","valueRequired":true,"valueName":"search_term_string"}}],"inLanguage":"de"}]}},"_links":{"self":[{"href":"https:\/\/meraynuts.com\/de\/wp-json\/wp\/v2\/product\/4358"}],"collection":[{"href":"https:\/\/meraynuts.com\/de\/wp-json\/wp\/v2\/product"}],"about":[{"href":"https:\/\/meraynuts.com\/de\/wp-json\/wp\/v2\/types\/product"}],"wp:featuredmedia":[{"embeddable":true,"href":"https:\/\/meraynuts.com\/de\/wp-json\/wp\/v2\/media\/3854"}],"wp:attachment":[{"href":"https:\/\/meraynuts.com\/de\/wp-json\/wp\/v2\/media?parent=4358"}],"wp:term":[{"taxonomy":"product_cat","embeddable":true,"href":"https:\/\/meraynuts.com\/de\/wp-json\/wp\/v2\/product_cat?post=4358"},{"taxonomy":"product_tag","embeddable":true,"href":"https:\/\/meraynuts.com\/de\/wp-json\/wp\/v2\/product_tag?post=4358"}],"curies":[{"name":"wp","href":"https:\/\/api.w.org\/{rel}","templated":true}]}}